{"id":1194,"date":"2022-11-02T14:18:48","date_gmt":"2022-11-02T13:18:48","guid":{"rendered":"https:\/\/lumierenaturelle64.fr\/?page_id=1194"},"modified":"2025-12-10T17:20:17","modified_gmt":"2025-12-10T16:20:17","slug":"abat-jour-tissus-naturels","status":"publish","type":"page","link":"https:\/\/lumierenaturelle64.fr\/es\/","title":{"rendered":"Mi trabajo"},"content":{"rendered":"<div data-elementor-type=\"wp-page\" data-elementor-id=\"1194\" class=\"elementor elementor-1194\" data-elementor-post-type=\"page\">\n\t\t\t\t\t\t<section class=\"elementor-section elementor-top-section elementor-element elementor-element-6fc50ac1 elementor-section-boxed elementor-section-height-default elementor-section-height-default\" data-id=\"6fc50ac1\" data-element_type=\"section\" data-e-type=\"section\" data-settings=\"{&quot;background_background&quot;:&quot;classic&quot;}\">\n\t\t\t\t\t\t\t<div class=\"elementor-background-overlay\"><\/div>\n\t\t\t\t\t\t\t<div class=\"elementor-container elementor-column-gap-default\">\n\t\t\t\t\t<div class=\"elementor-column elementor-col-100 elementor-top-column elementor-element elementor-element-3d1dd24d\" data-id=\"3d1dd24d\" data-element_type=\"column\" data-e-type=\"column\" data-settings=\"{&quot;background_background&quot;:&quot;classic&quot;}\">\n\t\t\t<div class=\"elementor-widget-wrap elementor-element-populated\">\n\t\t\t\t\t\t<div class=\"elementor-element elementor-element-6113a7b1 elementor-widget__width-initial elementor-widget elementor-widget-heading\" data-id=\"6113a7b1\" data-element_type=\"widget\" data-e-type=\"widget\" data-widget_type=\"heading.default\">\n\t\t\t\t<div class=\"elementor-widget-container\">\n\t\t\t\t\t<h1 class=\"elementor-heading-title elementor-size-default\">MIS CREACIONES TIENEN UN AIRE NATURAL<\/h1>\t\t\t\t<\/div>\n\t\t\t\t<\/div>\n\t\t\t\t\t<\/div>\n\t\t<\/div>\n\t\t\t\t\t<\/div>\n\t\t<\/section>\n\t\t\t\t<section class=\"elementor-section elementor-top-section elementor-element elementor-element-73d9ca78 elementor-section-boxed elementor-section-height-default elementor-section-height-default\" data-id=\"73d9ca78\" data-element_type=\"section\" data-e-type=\"section\">\n\t\t\t\t\t\t<div class=\"elementor-container elementor-column-gap-default\">\n\t\t\t\t\t<div class=\"elementor-column elementor-col-50 elementor-top-column elementor-element elementor-element-773db502\" data-id=\"773db502\" data-element_type=\"column\" data-e-type=\"column\">\n\t\t\t<div class=\"elementor-widget-wrap elementor-element-populated\">\n\t\t\t\t\t\t<div class=\"elementor-element elementor-element-81d63c6 elementor-widget__width-auto elementor-invisible elementor-widget elementor-widget-e_image_hover_effects\" data-id=\"81d63c6\" data-element_type=\"widget\" data-e-type=\"widget\" data-settings=\"{&quot;_animation&quot;:&quot;fadeIn&quot;}\" data-widget_type=\"e_image_hover_effects.default\">\n\t\t\t\t<div class=\"elementor-widget-container\">\n\t\t\t\t\t\t\t\t<div class=\"eihe-box eihe-fade-in-up eihe_center\">\n\t\t\t\t<img fetchpriority=\"high\" decoding=\"async\" width=\"1080\" height=\"1069\" src=\"https:\/\/lumierenaturelle64.fr\/wp-content\/uploads\/2025\/09\/stand.jpg\" class=\"attachment-full size-full wp-image-4469\" alt=\"\" srcset=\"https:\/\/lumierenaturelle64.fr\/wp-content\/uploads\/2025\/09\/stand.jpg 1080w, https:\/\/lumierenaturelle64.fr\/wp-content\/uploads\/2025\/09\/stand-300x297.jpg 300w, https:\/\/lumierenaturelle64.fr\/wp-content\/uploads\/2025\/09\/stand-1024x1014.jpg 1024w, https:\/\/lumierenaturelle64.fr\/wp-content\/uploads\/2025\/09\/stand-768x760.jpg 768w, https:\/\/lumierenaturelle64.fr\/wp-content\/uploads\/2025\/09\/stand-600x594.jpg 600w, https:\/\/lumierenaturelle64.fr\/wp-content\/uploads\/2025\/09\/stand-100x100.jpg 100w\" sizes=\"(max-width: 1080px) 100vw, 1080px\" \/>\t\t\t\t<div class=\"eihe-caption\">\n\t\t\t\t\t<div class=\"eihe-title-cover\">\n\t\t\t\t\t\t\t\t\t\t\t\t<h3 class=\"eihe-title\">Decoraci\u00f3n del sal\u00f3n<\/h3>\n\t\t\t\t\t\t\t\t\t\t\t<\/div>\n\t\t\t\t\t<p>Identidad<\/p>\n\t\t\t\t<\/div>\n\t\t\t<\/div>\n\t\t\t\t\t\t<\/div>\n\t\t\t\t<\/div>\n\t\t\t\t\t<\/div>\n\t\t<\/div>\n\t\t\t\t<div class=\"elementor-column elementor-col-50 elementor-top-column elementor-element elementor-element-2291257b\" data-id=\"2291257b\" data-element_type=\"column\" data-e-type=\"column\">\n\t\t\t<div class=\"elementor-widget-wrap elementor-element-populated\">\n\t\t\t\t\t\t<div class=\"elementor-element elementor-element-3355e904 elementor-widget elementor-widget-heading\" data-id=\"3355e904\" data-element_type=\"widget\" data-e-type=\"widget\" data-widget_type=\"heading.default\">\n\t\t\t\t<div class=\"elementor-widget-container\">\n\t\t\t\t\t<h5 class=\"elementor-heading-title elementor-size-default\">Fabricaci\u00f3n<\/h5>\t\t\t\t<\/div>\n\t\t\t\t<\/div>\n\t\t\t\t<div class=\"elementor-element elementor-element-43bd74f5 elementor-widget__width-initial elementor-widget elementor-widget-heading\" data-id=\"43bd74f5\" data-element_type=\"widget\" data-e-type=\"widget\" data-widget_type=\"heading.default\">\n\t\t\t\t<div class=\"elementor-widget-container\">\n\t\t\t\t\t<h2 class=\"elementor-heading-title elementor-size-default\">La creaci\u00f3n, el enfoque<\/h2>\t\t\t\t<\/div>\n\t\t\t\t<\/div>\n\t\t\t\t<div class=\"elementor-element elementor-element-543628e2 elementor-widget elementor-widget-text-editor\" data-id=\"543628e2\" data-element_type=\"widget\" data-e-type=\"widget\" data-widget_type=\"text-editor.default\">\n\t\t\t\t<div class=\"elementor-widget-container\">\n\t\t\t\t\t\t\t\t\t<p>Mi trabajo gira en torno al ensamblaje de diferentes tejidos naturales<br \/>y\/o materiales, que asocio con <a href=\"https:\/\/lumierenaturelle64.fr\/es\/artisan-art\/\"><strong>varios<\/strong>\u00a0<strong>t\u00e9cnicas<\/strong><\/a> costura, bordado<br \/>y tejer. <br \/>Mi enfoque se basa en la b\u00fasqueda de tejidos raros, motivada por el deseo de crear y ofrecerle piezas exclusivas.<\/p><p>Utilizo tejidos naturales para mis creaciones, como lino, c\u00e1\u00f1amo, algod\u00f3n y yute, y a veces seda y lana para a\u00f1adir un toque decorativo especial.<br \/>Mi elecci\u00f3n de materiales seguir\u00e1 evolucionando a medida que descubra cosas nuevas y me enamore de ellas. \u00a1Siempre dando prioridad a lo que me ofrece la naturaleza!<br \/>Presto especial atenci\u00f3n a la composici\u00f3n, la procedencia, el tejido y la trama de los tejidos, as\u00ed como a la armon\u00eda de los colores y las texturas.<\/p><p>Peque\u00f1as series, colecciones c\u00e1psula y dise\u00f1os \u00fanicos.<\/p><p>Cada pantalla est\u00e1 hecha a mano en mi taller de Bayona. Las telas se lavan antes de cortarlas y no se utilizan pegamentos ni productos qu\u00edmicos durante el montaje.<br \/>Gracias a este trabajo artesanal y tradicional\u00a0<a href=\"https:\/\/lumierenaturelle64.fr\/es\/contact\/\"><strong>local<\/strong><\/a>, Le ofrezco creaciones cuidadosamente elaboradas con un acabado limpio y s\u00f3lido.  Para que su iluminaci\u00f3n sea a la vez atractiva y duradera.<\/p><p>Con esta idea en mente, tambi\u00e9n trabajo en proyectos espec\u00edficos en colaboraci\u00f3n con artistas y artesanos locales. Combinando las t\u00e9cnicas de cada uno de estos colaboradores, puedo compartir mis conocimientos y crear creaciones que evolucionan a medida que descubro cosas nuevas y conozco a gente nueva.<\/p><p>Descubra, adopte y haga brillar su hogar<\/p>\t\t\t\t\t\t\t\t<\/div>\n\t\t\t\t<\/div>\n\t\t\t\t\t<\/div>\n\t\t<\/div>\n\t\t\t\t\t<\/div>\n\t\t<\/section>\n\t\t\t\t<section class=\"elementor-section elementor-top-section elementor-element elementor-element-2f487e4b elementor-section-boxed elementor-section-height-default elementor-section-height-default\" data-id=\"2f487e4b\" data-element_type=\"section\" data-e-type=\"section\">\n\t\t\t\t\t\t<div class=\"elementor-container elementor-column-gap-default\">\n\t\t\t\t\t<div class=\"elementor-column elementor-col-33 elementor-top-column elementor-element elementor-element-40104d65\" data-id=\"40104d65\" data-element_type=\"column\" data-e-type=\"column\">\n\t\t\t<div class=\"elementor-widget-wrap elementor-element-populated\">\n\t\t\t\t\t\t<div class=\"elementor-element elementor-element-45d5f810 elementor-widget__width-auto elementor-invisible elementor-widget elementor-widget-e_image_hover_effects\" data-id=\"45d5f810\" data-element_type=\"widget\" data-e-type=\"widget\" data-settings=\"{&quot;_animation&quot;:&quot;fadeIn&quot;}\" data-widget_type=\"e_image_hover_effects.default\">\n\t\t\t\t<div class=\"elementor-widget-container\">\n\t\t\t\t\t\t\t\t<div class=\"eihe-box eihe-fade-in-up eihe_center\">\n\t\t\t\t<img decoding=\"async\" width=\"997\" height=\"1246\" src=\"https:\/\/lumierenaturelle64.fr\/wp-content\/uploads\/2022\/11\/40x17-herbe.jpg\" class=\"attachment-full size-full wp-image-1359\" alt=\"\" srcset=\"https:\/\/lumierenaturelle64.fr\/wp-content\/uploads\/2022\/11\/40x17-herbe.jpg 997w, https:\/\/lumierenaturelle64.fr\/wp-content\/uploads\/2022\/11\/40x17-herbe-600x750.jpg 600w, https:\/\/lumierenaturelle64.fr\/wp-content\/uploads\/2022\/11\/40x17-herbe-240x300.jpg 240w, https:\/\/lumierenaturelle64.fr\/wp-content\/uploads\/2022\/11\/40x17-herbe-819x1024.jpg 819w, https:\/\/lumierenaturelle64.fr\/wp-content\/uploads\/2022\/11\/40x17-herbe-768x960.jpg 768w\" sizes=\"(max-width: 997px) 100vw, 997px\" \/>\t\t\t\t<div class=\"eihe-caption\">\n\t\t\t\t\t<div class=\"eihe-title-cover\">\n\t\t\t\t\t\t\t\t\t\t\t\t<h3 class=\"eihe-title\">ZigZag<\/h3>\n\t\t\t\t\t\t\t\t\t\t\t<\/div>\n\t\t\t\t\t<p>Pantalla<\/p>\n\t\t\t\t<\/div>\n\t\t\t<\/div>\n\t\t\t\t\t\t<\/div>\n\t\t\t\t<\/div>\n\t\t\t\t\t<\/div>\n\t\t<\/div>\n\t\t\t\t<div class=\"elementor-column elementor-col-66 elementor-top-column elementor-element elementor-element-2fe1d388\" data-id=\"2fe1d388\" data-element_type=\"column\" data-e-type=\"column\">\n\t\t\t<div class=\"elementor-widget-wrap elementor-element-populated\">\n\t\t\t\t\t\t<div class=\"elementor-element elementor-element-8cb7744 elementor-widget__width-auto elementor-invisible elementor-widget elementor-widget-e_image_hover_effects\" data-id=\"8cb7744\" data-element_type=\"widget\" data-e-type=\"widget\" data-settings=\"{&quot;_animation&quot;:&quot;fadeIn&quot;}\" data-widget_type=\"e_image_hover_effects.default\">\n\t\t\t\t<div class=\"elementor-widget-container\">\n\t\t\t\t\t\t\t\t<div class=\"eihe-box eihe-fade-in-up eihe_center\">\n\t\t\t\t<img decoding=\"async\" width=\"640\" height=\"1136\" src=\"https:\/\/lumierenaturelle64.fr\/wp-content\/uploads\/2024\/11\/ocre.jpg\" class=\"attachment-full size-full wp-image-3482\" alt=\"\" srcset=\"https:\/\/lumierenaturelle64.fr\/wp-content\/uploads\/2024\/11\/ocre.jpg 640w, https:\/\/lumierenaturelle64.fr\/wp-content\/uploads\/2024\/11\/ocre-169x300.jpg 169w, https:\/\/lumierenaturelle64.fr\/wp-content\/uploads\/2024\/11\/ocre-577x1024.jpg 577w, https:\/\/lumierenaturelle64.fr\/wp-content\/uploads\/2024\/11\/ocre-600x1065.jpg 600w\" sizes=\"(max-width: 640px) 100vw, 640px\" \/>\t\t\t\t<div class=\"eihe-caption\">\n\t\t\t\t\t<div class=\"eihe-title-cover\">\n\t\t\t\t\t\t\t\t\t\t\t\t<h3 class=\"eihe-title\">DYADE<\/h3>\n\t\t\t\t\t\t\t\t\t\t\t<\/div>\n\t\t\t\t\t<p>Colecci\u00f3n<\/p>\n\t\t\t\t<\/div>\n\t\t\t<\/div>\n\t\t\t\t\t\t<\/div>\n\t\t\t\t<\/div>\n\t\t\t\t\t<\/div>\n\t\t<\/div>\n\t\t\t\t\t<\/div>\n\t\t<\/section>\n\t\t\t\t<section class=\"elementor-section elementor-top-section elementor-element elementor-element-515eb9e2 elementor-section-boxed elementor-section-height-default elementor-section-height-default\" data-id=\"515eb9e2\" data-element_type=\"section\" data-e-type=\"section\">\n\t\t\t\t\t\t<div class=\"elementor-container elementor-column-gap-default\">\n\t\t\t\t\t<div class=\"elementor-column elementor-col-66 elementor-top-column elementor-element elementor-element-5857c71c\" data-id=\"5857c71c\" data-element_type=\"column\" data-e-type=\"column\">\n\t\t\t<div class=\"elementor-widget-wrap elementor-element-populated\">\n\t\t\t\t\t\t<div class=\"elementor-element elementor-element-762cbae7 elementor-widget__width-auto elementor-invisible elementor-widget elementor-widget-e_image_hover_effects\" data-id=\"762cbae7\" data-element_type=\"widget\" data-e-type=\"widget\" data-settings=\"{&quot;_animation&quot;:&quot;fadeIn&quot;}\" data-widget_type=\"e_image_hover_effects.default\">\n\t\t\t\t<div class=\"elementor-widget-container\">\n\t\t\t\t\t\t\t\t<div class=\"eihe-box eihe-fade-in-up eihe_center\">\n\t\t\t\t<img loading=\"lazy\" decoding=\"async\" width=\"1080\" height=\"1080\" src=\"https:\/\/lumierenaturelle64.fr\/wp-content\/uploads\/2024\/11\/printemps.webp\" class=\"attachment-full size-full wp-image-3479\" alt=\"\" srcset=\"https:\/\/lumierenaturelle64.fr\/wp-content\/uploads\/2024\/11\/printemps.webp 1080w, https:\/\/lumierenaturelle64.fr\/wp-content\/uploads\/2024\/11\/printemps-300x300.webp 300w, https:\/\/lumierenaturelle64.fr\/wp-content\/uploads\/2024\/11\/printemps-1024x1024.webp 1024w, https:\/\/lumierenaturelle64.fr\/wp-content\/uploads\/2024\/11\/printemps-150x150.webp 150w, https:\/\/lumierenaturelle64.fr\/wp-content\/uploads\/2024\/11\/printemps-768x768.webp 768w, https:\/\/lumierenaturelle64.fr\/wp-content\/uploads\/2024\/11\/printemps-600x600.webp 600w, https:\/\/lumierenaturelle64.fr\/wp-content\/uploads\/2024\/11\/printemps-100x100.webp 100w\" sizes=\"(max-width: 1080px) 100vw, 1080px\" \/>\t\t\t\t<div class=\"eihe-caption\">\n\t\t\t\t\t<div class=\"eihe-title-cover\">\n\t\t\t\t\t\t\t\t\t\t\t\t<h3 class=\"eihe-title\">Di\u00e1metro XXL<\/h3>\n\t\t\t\t\t\t\t\t\t\t\t<\/div>\n\t\t\t\t\t<p>A medida<\/p>\n\t\t\t\t<\/div>\n\t\t\t<\/div>\n\t\t\t\t\t\t<\/div>\n\t\t\t\t<\/div>\n\t\t\t\t\t<\/div>\n\t\t<\/div>\n\t\t\t\t<div class=\"elementor-column elementor-col-33 elementor-top-column elementor-element elementor-element-7cb2be48\" data-id=\"7cb2be48\" data-element_type=\"column\" data-e-type=\"column\">\n\t\t\t<div class=\"elementor-widget-wrap elementor-element-populated\">\n\t\t\t\t\t\t<div class=\"elementor-element elementor-element-3e9936fc elementor-widget__width-auto elementor-invisible elementor-widget elementor-widget-e_image_hover_effects\" data-id=\"3e9936fc\" data-element_type=\"widget\" data-e-type=\"widget\" data-settings=\"{&quot;_animation&quot;:&quot;fadeIn&quot;}\" data-widget_type=\"e_image_hover_effects.default\">\n\t\t\t\t<div class=\"elementor-widget-container\">\n\t\t\t\t\t\t\t\t<div class=\"eihe-box eihe-fade-in-up eihe_center\">\n\t\t\t\t<img loading=\"lazy\" decoding=\"async\" width=\"1080\" height=\"1314\" src=\"https:\/\/lumierenaturelle64.fr\/wp-content\/uploads\/2023\/06\/ARCHE-marche.jpg\" class=\"attachment-full size-full wp-image-1995\" alt=\"\" srcset=\"https:\/\/lumierenaturelle64.fr\/wp-content\/uploads\/2023\/06\/ARCHE-marche.jpg 1080w, https:\/\/lumierenaturelle64.fr\/wp-content\/uploads\/2023\/06\/ARCHE-marche-600x730.jpg 600w, https:\/\/lumierenaturelle64.fr\/wp-content\/uploads\/2023\/06\/ARCHE-marche-247x300.jpg 247w, https:\/\/lumierenaturelle64.fr\/wp-content\/uploads\/2023\/06\/ARCHE-marche-842x1024.jpg 842w, https:\/\/lumierenaturelle64.fr\/wp-content\/uploads\/2023\/06\/ARCHE-marche-768x934.jpg 768w\" sizes=\"(max-width: 1080px) 100vw, 1080px\" \/>\t\t\t\t<div class=\"eihe-caption\">\n\t\t\t\t\t<div class=\"eihe-title-cover\">\n\t\t\t\t\t\t\t\t\t\t\t\t<h3 class=\"eihe-title\">Arch<\/h3>\n\t\t\t\t\t\t\t\t\t\t\t<\/div>\n\t\t\t\t\t<p>EXPOSICI\u00d3N<\/p>\n\t\t\t\t<\/div>\n\t\t\t<\/div>\n\t\t\t\t\t\t<\/div>\n\t\t\t\t<\/div>\n\t\t\t\t\t<\/div>\n\t\t<\/div>\n\t\t\t\t\t<\/div>\n\t\t<\/section>\n\t\t<div class=\"elementor-element elementor-element-c231c4c e-flex e-con-boxed e-con e-parent\" data-id=\"c231c4c\" data-element_type=\"container\" data-e-type=\"container\">\n\t\t\t\t\t<div class=\"e-con-inner\">\n\t\t<div class=\"elementor-element elementor-element-a1ea2ab e-con-full e-flex e-con e-child\" data-id=\"a1ea2ab\" data-element_type=\"container\" data-e-type=\"container\" data-settings=\"{&quot;background_background&quot;:&quot;classic&quot;}\">\n\t\t\t\t<div class=\"elementor-element elementor-element-39d434b elementor-widget__width-inherit elementor-widget elementor-widget-image\" data-id=\"39d434b\" data-element_type=\"widget\" data-e-type=\"widget\" data-widget_type=\"image.default\">\n\t\t\t\t<div class=\"elementor-widget-container\">\n\t\t\t\t\t\t\t\t\t\t\t\t<figure class=\"wp-caption\">\n\t\t\t\t\t\t\t\t\t\t<img loading=\"lazy\" decoding=\"async\" width=\"2048\" height=\"1532\" src=\"https:\/\/lumierenaturelle64.fr\/wp-content\/uploads\/2025\/11\/chanvre-cumincoton-mouchete-ocre-2048x1532.jpg\" class=\"attachment-2048x2048 size-2048x2048 wp-image-4536\" alt=\"\" srcset=\"https:\/\/lumierenaturelle64.fr\/wp-content\/uploads\/2025\/11\/chanvre-cumincoton-mouchete-ocre-2048x1532.jpg 2048w, https:\/\/lumierenaturelle64.fr\/wp-content\/uploads\/2025\/11\/chanvre-cumincoton-mouchete-ocre-300x224.jpg 300w, https:\/\/lumierenaturelle64.fr\/wp-content\/uploads\/2025\/11\/chanvre-cumincoton-mouchete-ocre-1024x766.jpg 1024w, https:\/\/lumierenaturelle64.fr\/wp-content\/uploads\/2025\/11\/chanvre-cumincoton-mouchete-ocre-768x575.jpg 768w, https:\/\/lumierenaturelle64.fr\/wp-content\/uploads\/2025\/11\/chanvre-cumincoton-mouchete-ocre-1536x1149.jpg 1536w, https:\/\/lumierenaturelle64.fr\/wp-content\/uploads\/2025\/11\/chanvre-cumincoton-mouchete-ocre-600x449.jpg 600w, https:\/\/lumierenaturelle64.fr\/wp-content\/uploads\/2025\/11\/chanvre-cumincoton-mouchete-ocre-scaled.jpg 1603w\" sizes=\"(max-width: 2048px) 100vw, 2048px\" \/>\t\t\t\t\t\t\t\t\t\t\t<figcaption class=\"widget-image-caption wp-caption-text\"><\/figcaption>\n\t\t\t\t\t\t\t\t\t\t<\/figure>\n\t\t\t\t\t\t\t\t\t<\/div>\n\t\t\t\t<\/div>\n\t\t\t\t<\/div>\n\t\t<div class=\"elementor-element elementor-element-d9367a8 e-con-full e-flex e-con e-child\" data-id=\"d9367a8\" data-element_type=\"container\" data-e-type=\"container\">\n\t\t\t\t<div class=\"elementor-element elementor-element-9472aee elementor-widget elementor-widget-heading\" data-id=\"9472aee\" data-element_type=\"widget\" data-e-type=\"widget\" data-widget_type=\"heading.default\">\n\t\t\t\t<div class=\"elementor-widget-container\">\n\t\t\t\t\t<h5 class=\"elementor-heading-title elementor-size-default\">Origen de las materias primas <\/h5>\t\t\t\t<\/div>\n\t\t\t\t<\/div>\n\t\t\t\t<div class=\"elementor-element elementor-element-5877e42 elementor-widget__width-initial elementor-widget elementor-widget-heading\" data-id=\"5877e42\" data-element_type=\"widget\" data-e-type=\"widget\" data-widget_type=\"heading.default\">\n\t\t\t\t<div class=\"elementor-widget-container\">\n\t\t\t\t\t<h2 class=\"elementor-heading-title elementor-size-default\">Pantallas de tejidos naturales<\/h2>\t\t\t\t<\/div>\n\t\t\t\t<\/div>\n\t\t\t\t<div class=\"elementor-element elementor-element-33f1a3f elementor-widget__width-initial elementor-widget-tablet__width-initial elementor-widget-mobile__width-inherit elementor-widget elementor-widget-text-editor\" data-id=\"33f1a3f\" data-element_type=\"widget\" data-e-type=\"widget\" data-widget_type=\"text-editor.default\">\n\t\t\t\t<div class=\"elementor-widget-container\">\n\t\t\t\t\t\t\t\t\t<p>Para mis creaciones, tengo como prioridad comprar telas de calidad, nobles y aut\u00e9nticas, algunas con un aire vintage que aprecio especialmente. Los tejidos de lino, yute y c\u00e1\u00f1amo son mis favoritos. <strong><a href=\"https:\/\/lumierenaturelle64.fr\/es\/abat-jour-qualite-savoir-faire-francais\/\">Fabricado en Francia<\/a><\/strong>. En cuanto al lino seleccionado para mis creaciones, tambi\u00e9n procede de la agricultura francesa.\u00a0<\/p>\t\t\t\t\t\t\t\t<\/div>\n\t\t\t\t<\/div>\n\t\t<div class=\"elementor-element elementor-element-e71c991 e-con-full e-flex e-con e-child\" data-id=\"e71c991\" data-element_type=\"container\" data-e-type=\"container\" data-settings=\"{&quot;background_background&quot;:&quot;video&quot;,&quot;background_video_link&quot;:&quot;https:\\\/\\\/lumierenaturelle64.fr\\\/wp-content\\\/uploads\\\/2022\\\/11\\\/echantillons-tissus-1.mp4&quot;,&quot;background_play_on_mobile&quot;:&quot;yes&quot;}\">\n\t\t<div class=\"elementor-background-video-container\">\n\t\t\t\t\t\t\t<video class=\"elementor-background-video-hosted\" role=\"presentation\" autoplay muted playsinline loop><\/video>\n\t\t\t\t\t<\/div><div class=\"elementor-element elementor-element-327d8dc e-con-full e-flex e-con e-child\" data-id=\"327d8dc\" data-element_type=\"container\" data-e-type=\"container\" data-settings=\"{&quot;background_background&quot;:&quot;slideshow&quot;,&quot;background_slideshow_gallery&quot;:[],&quot;background_slideshow_loop&quot;:&quot;yes&quot;,&quot;background_slideshow_slide_duration&quot;:5000,&quot;background_slideshow_slide_transition&quot;:&quot;fade&quot;,&quot;background_slideshow_transition_duration&quot;:500}\">\n\t\t\t\t<\/div>\n\t\t\t\t<\/div>\n\t\t<div class=\"elementor-element elementor-element-08d8e3b e-con-full e-flex e-con e-child\" data-id=\"08d8e3b\" data-element_type=\"container\" data-e-type=\"container\">\n\t\t<div class=\"elementor-element elementor-element-1233265 e-con-full e-flex e-con e-child\" data-id=\"1233265\" data-element_type=\"container\" data-e-type=\"container\">\n\t\t\t\t<div class=\"elementor-element elementor-element-06db423 elementor-widget elementor-widget-text-editor\" data-id=\"06db423\" data-element_type=\"widget\" data-e-type=\"widget\" data-widget_type=\"text-editor.default\">\n\t\t\t\t<div class=\"elementor-widget-container\">\n\t\t\t\t\t\t\t\t\t<p>\u00a0<\/p><p>Todo lo que utilizo para mis creaciones procede de empresas cercanas a mi taller, o lo m\u00e1s alejadas posible de \u00e9l. <a href=\"https:\/\/www.terredelin.com\/internet\/l-art-du-lin\/culture-du-lin\/culture-du-lin-1152.aspx\" target=\"_blank\" rel=\"noopener\"><strong>Francia<\/strong><\/a>.<br \/>Una elecci\u00f3n voluntaria y comprometida<br \/>Tambi\u00e9n me aseguro de trabajar con proveedores comprometidos con el mismo planteamiento.\u00a0<\/p>\t\t\t\t\t\t\t\t<\/div>\n\t\t\t\t<\/div>\n\t\t\t\t<\/div>\n\t\t\t\t<\/div>\n\t\t\t\t<\/div>\n\t\t\t\t\t<\/div>\n\t\t\t\t<\/div>\n\t\t<div class=\"elementor-element elementor-element-eca9ed2 e-flex e-con-boxed e-con e-parent\" data-id=\"eca9ed2\" data-element_type=\"container\" data-e-type=\"container\">\n\t\t\t\t\t<div class=\"e-con-inner\">\n\t\t\t\t<div class=\"elementor-element elementor-element-a75623e elementor-widget elementor-widget-image\" data-id=\"a75623e\" data-element_type=\"widget\" data-e-type=\"widget\" data-widget_type=\"image.default\">\n\t\t\t\t<div class=\"elementor-widget-container\">\n\t\t\t\t\t\t\t\t\t\t\t\t\t\t\t<img loading=\"lazy\" decoding=\"async\" width=\"2030\" height=\"1142\" src=\"https:\/\/lumierenaturelle64.fr\/wp-content\/uploads\/2024\/11\/IMG_20241105_205030.jpg\" class=\"attachment-full size-full wp-image-3717\" alt=\"\" srcset=\"https:\/\/lumierenaturelle64.fr\/wp-content\/uploads\/2024\/11\/IMG_20241105_205030.jpg 2030w, https:\/\/lumierenaturelle64.fr\/wp-content\/uploads\/2024\/11\/IMG_20241105_205030-300x169.jpg 300w, https:\/\/lumierenaturelle64.fr\/wp-content\/uploads\/2024\/11\/IMG_20241105_205030-1024x576.jpg 1024w, https:\/\/lumierenaturelle64.fr\/wp-content\/uploads\/2024\/11\/IMG_20241105_205030-768x432.jpg 768w, https:\/\/lumierenaturelle64.fr\/wp-content\/uploads\/2024\/11\/IMG_20241105_205030-1536x864.jpg 1536w, https:\/\/lumierenaturelle64.fr\/wp-content\/uploads\/2024\/11\/IMG_20241105_205030-600x338.jpg 600w\" sizes=\"(max-width: 2030px) 100vw, 2030px\" \/>\t\t\t\t\t\t\t\t\t\t\t\t\t\t\t<\/div>\n\t\t\t\t<\/div>\n\t\t\t\t\t<\/div>\n\t\t\t\t<\/div>\n\t\t\t\t<\/div>","protected":false},"excerpt":{"rendered":"<p>MIS CREACIONES TIENEN UNA FIBRA NATURAL Decoraci\u00f3n de sal\u00f3n Identidad Fabricaci\u00f3n La creaci\u00f3n, el enfoque Mi trabajo gira en torno al ensamblaje de diferentes tejidos y\/o materiales naturales, que combino con diversas t\u00e9cnicas de costura, bordado y tejido. Mi enfoque se basa en la b\u00fasqueda de tejidos poco comunes, motivada por el deseo de crear y ofreceros piezas [...]<\/p>","protected":false},"author":1,"featured_media":0,"parent":0,"menu_order":0,"comment_status":"closed","ping_status":"closed","template":"","meta":{"_acf_changed":false,"footnotes":""},"class_list":["post-1194","page","type-page","status-publish","hentry"],"acf":[],"yoast_head":"<!-- This site is optimized with the Yoast SEO plugin v26.4 - https:\/\/yoast.com\/wordpress\/plugins\/seo\/ -->\n<title>Cr\u00e9ation d&#039;abat-jour en tissus naturels - Lumi\u00e8re Naturelle<\/title>\n<meta name=\"description\" content=\"Abat-jour fait main en tissus naturels. Cr\u00e9ation d&#039;abat-jour en tissus naturels, lin, jute, chanvre et coton.\" \/>\n<meta name=\"robots\" content=\"index, follow, max-snippet:-1, max-image-preview:large, max-video-preview:-1\" \/>\n<link rel=\"canonical\" href=\"https:\/\/lumierenaturelle64.fr\/es\/\" \/>\n<meta property=\"og:locale\" content=\"es_ES\" \/>\n<meta property=\"og:type\" content=\"article\" \/>\n<meta property=\"og:title\" content=\"Cr\u00e9ation d&#039;abat-jour en tissus naturels - Lumi\u00e8re Naturelle\" \/>\n<meta property=\"og:description\" content=\"Abat-jour fait main en tissus naturels. Cr\u00e9ation d&#039;abat-jour en tissus naturels, lin, jute, chanvre et coton.\" \/>\n<meta property=\"og:url\" content=\"https:\/\/lumierenaturelle64.fr\/es\/\" \/>\n<meta property=\"og:site_name\" content=\"Lumi\u00e8re Naturelle\" \/>\n<meta property=\"article:modified_time\" content=\"2025-12-10T16:20:17+00:00\" \/>\n<meta property=\"og:image\" content=\"https:\/\/lumierenaturelle64.fr\/wp-content\/uploads\/2025\/09\/stand.jpg\" \/>\n\t<meta property=\"og:image:width\" content=\"1080\" \/>\n\t<meta property=\"og:image:height\" content=\"1069\" \/>\n\t<meta property=\"og:image:type\" content=\"image\/jpeg\" \/>\n<meta name=\"twitter:card\" content=\"summary_large_image\" \/>\n<meta name=\"twitter:label1\" content=\"Tiempo de lectura\" \/>\n\t<meta name=\"twitter:data1\" content=\"4 minutos\" \/>\n<script type=\"application\/ld+json\" class=\"yoast-schema-graph\">{\"@context\":\"https:\/\/schema.org\",\"@graph\":[{\"@type\":\"WebPage\",\"@id\":\"https:\/\/lumierenaturelle64.fr\/\",\"url\":\"https:\/\/lumierenaturelle64.fr\/\",\"name\":\"Cr\u00e9ation d'abat-jour en tissus naturels - Lumi\u00e8re Naturelle\",\"isPartOf\":{\"@id\":\"https:\/\/lumierenaturelle64.fr\/#website\"},\"primaryImageOfPage\":{\"@id\":\"https:\/\/lumierenaturelle64.fr\/#primaryimage\"},\"image\":{\"@id\":\"https:\/\/lumierenaturelle64.fr\/#primaryimage\"},\"thumbnailUrl\":\"https:\/\/lumierenaturelle64.fr\/wp-content\/uploads\/2025\/09\/stand.jpg\",\"datePublished\":\"2022-11-02T13:18:48+00:00\",\"dateModified\":\"2025-12-10T16:20:17+00:00\",\"description\":\"Abat-jour fait main en tissus naturels. Cr\u00e9ation d'abat-jour en tissus naturels, lin, jute, chanvre et coton.\",\"breadcrumb\":{\"@id\":\"https:\/\/lumierenaturelle64.fr\/#breadcrumb\"},\"inLanguage\":\"es\",\"potentialAction\":[{\"@type\":\"ReadAction\",\"target\":[\"https:\/\/lumierenaturelle64.fr\/\"]}]},{\"@type\":\"ImageObject\",\"inLanguage\":\"es\",\"@id\":\"https:\/\/lumierenaturelle64.fr\/#primaryimage\",\"url\":\"https:\/\/lumierenaturelle64.fr\/wp-content\/uploads\/2025\/09\/stand.jpg\",\"contentUrl\":\"https:\/\/lumierenaturelle64.fr\/wp-content\/uploads\/2025\/09\/stand.jpg\"},{\"@type\":\"BreadcrumbList\",\"@id\":\"https:\/\/lumierenaturelle64.fr\/#breadcrumb\",\"itemListElement\":[{\"@type\":\"ListItem\",\"position\":1,\"name\":\"Accueil\",\"item\":\"https:\/\/lumierenaturelle64.fr\/\"},{\"@type\":\"ListItem\",\"position\":2,\"name\":\"Mon travail\"}]},{\"@type\":\"WebSite\",\"@id\":\"https:\/\/lumierenaturelle64.fr\/#website\",\"url\":\"https:\/\/lumierenaturelle64.fr\/\",\"name\":\"lumierenaturelle64.fr\",\"description\":\"\",\"publisher\":{\"@id\":\"https:\/\/lumierenaturelle64.fr\/#organization\"},\"potentialAction\":[{\"@type\":\"SearchAction\",\"target\":{\"@type\":\"EntryPoint\",\"urlTemplate\":\"https:\/\/lumierenaturelle64.fr\/?s={search_term_string}\"},\"query-input\":{\"@type\":\"PropertyValueSpecification\",\"valueRequired\":true,\"valueName\":\"search_term_string\"}}],\"inLanguage\":\"es\"},{\"@type\":\"Organization\",\"@id\":\"https:\/\/lumierenaturelle64.fr\/#organization\",\"name\":\"lumierenaturelle64.fr\",\"url\":\"https:\/\/lumierenaturelle64.fr\/\",\"logo\":{\"@type\":\"ImageObject\",\"inLanguage\":\"es\",\"@id\":\"https:\/\/lumierenaturelle64.fr\/#\/schema\/logo\/image\/\",\"url\":\"https:\/\/lumierenaturelle64.fr\/wp-content\/uploads\/2022\/10\/Lumiere_Naturelle_2023.jpg\",\"contentUrl\":\"https:\/\/lumierenaturelle64.fr\/wp-content\/uploads\/2022\/10\/Lumiere_Naturelle_2023.jpg\",\"width\":769,\"height\":951,\"caption\":\"lumierenaturelle64.fr\"},\"image\":{\"@id\":\"https:\/\/lumierenaturelle64.fr\/#\/schema\/logo\/image\/\"},\"sameAs\":[\"https:\/\/www.instagram.com\/lumierenature64\/\"]}]}<\/script>\n<!-- \/ Yoast SEO plugin. -->","yoast_head_json":{"title":"Creaci\u00f3n de pantallas de tejidos naturales - Lumi\u00e8re Naturelle","description":"Pantallas para l\u00e1mparas hechas a mano en tejidos naturales. Creaci\u00f3n de pantallas de l\u00e1mparas en tejidos naturales, lino, yute, c\u00e1\u00f1amo y algod\u00f3n.","robots":{"index":"index","follow":"follow","max-snippet":"max-snippet:-1","max-image-preview":"max-image-preview:large","max-video-preview":"max-video-preview:-1"},"canonical":"https:\/\/lumierenaturelle64.fr\/es\/","og_locale":"es_ES","og_type":"article","og_title":"Cr\u00e9ation d'abat-jour en tissus naturels - Lumi\u00e8re Naturelle","og_description":"Abat-jour fait main en tissus naturels. Cr\u00e9ation d'abat-jour en tissus naturels, lin, jute, chanvre et coton.","og_url":"https:\/\/lumierenaturelle64.fr\/es\/","og_site_name":"Lumi\u00e8re Naturelle","article_modified_time":"2025-12-10T16:20:17+00:00","og_image":[{"width":1080,"height":1069,"url":"https:\/\/lumierenaturelle64.fr\/wp-content\/uploads\/2025\/09\/stand.jpg","type":"image\/jpeg"}],"twitter_card":"summary_large_image","twitter_misc":{"Tiempo de lectura":"4 minutos"},"schema":{"@context":"https:\/\/schema.org","@graph":[{"@type":"WebPage","@id":"https:\/\/lumierenaturelle64.fr\/","url":"https:\/\/lumierenaturelle64.fr\/","name":"Creaci\u00f3n de pantallas de tejidos naturales - Lumi\u00e8re Naturelle","isPartOf":{"@id":"https:\/\/lumierenaturelle64.fr\/#website"},"primaryImageOfPage":{"@id":"https:\/\/lumierenaturelle64.fr\/#primaryimage"},"image":{"@id":"https:\/\/lumierenaturelle64.fr\/#primaryimage"},"thumbnailUrl":"https:\/\/lumierenaturelle64.fr\/wp-content\/uploads\/2025\/09\/stand.jpg","datePublished":"2022-11-02T13:18:48+00:00","dateModified":"2025-12-10T16:20:17+00:00","description":"Pantallas para l\u00e1mparas hechas a mano en tejidos naturales. Creaci\u00f3n de pantallas de l\u00e1mparas en tejidos naturales, lino, yute, c\u00e1\u00f1amo y algod\u00f3n.","breadcrumb":{"@id":"https:\/\/lumierenaturelle64.fr\/#breadcrumb"},"inLanguage":"es","potentialAction":[{"@type":"ReadAction","target":["https:\/\/lumierenaturelle64.fr\/"]}]},{"@type":"ImageObject","inLanguage":"es","@id":"https:\/\/lumierenaturelle64.fr\/#primaryimage","url":"https:\/\/lumierenaturelle64.fr\/wp-content\/uploads\/2025\/09\/stand.jpg","contentUrl":"https:\/\/lumierenaturelle64.fr\/wp-content\/uploads\/2025\/09\/stand.jpg"},{"@type":"BreadcrumbList","@id":"https:\/\/lumierenaturelle64.fr\/#breadcrumb","itemListElement":[{"@type":"ListItem","position":1,"name":"Accueil","item":"https:\/\/lumierenaturelle64.fr\/"},{"@type":"ListItem","position":2,"name":"Mon travail"}]},{"@type":"WebSite","@id":"https:\/\/lumierenaturelle64.fr\/#website","url":"https:\/\/lumierenaturelle64.fr\/","name":"lumierenaturelle64.fr","description":"","publisher":{"@id":"https:\/\/lumierenaturelle64.fr\/#organization"},"potentialAction":[{"@type":"SearchAction","target":{"@type":"EntryPoint","urlTemplate":"https:\/\/lumierenaturelle64.fr\/?s={search_term_string}"},"query-input":{"@type":"PropertyValueSpecification","valueRequired":true,"valueName":"search_term_string"}}],"inLanguage":"es"},{"@type":"Organization","@id":"https:\/\/lumierenaturelle64.fr\/#organization","name":"lumierenaturelle64.fr","url":"https:\/\/lumierenaturelle64.fr\/","logo":{"@type":"ImageObject","inLanguage":"es","@id":"https:\/\/lumierenaturelle64.fr\/#\/schema\/logo\/image\/","url":"https:\/\/lumierenaturelle64.fr\/wp-content\/uploads\/2022\/10\/Lumiere_Naturelle_2023.jpg","contentUrl":"https:\/\/lumierenaturelle64.fr\/wp-content\/uploads\/2022\/10\/Lumiere_Naturelle_2023.jpg","width":769,"height":951,"caption":"lumierenaturelle64.fr"},"image":{"@id":"https:\/\/lumierenaturelle64.fr\/#\/schema\/logo\/image\/"},"sameAs":["https:\/\/www.instagram.com\/lumierenature64\/"]}]}},"_links":{"self":[{"href":"https:\/\/lumierenaturelle64.fr\/es\/wp-json\/wp\/v2\/pages\/1194","targetHints":{"allow":["GET"]}}],"collection":[{"href":"https:\/\/lumierenaturelle64.fr\/es\/wp-json\/wp\/v2\/pages"}],"about":[{"href":"https:\/\/lumierenaturelle64.fr\/es\/wp-json\/wp\/v2\/types\/page"}],"author":[{"embeddable":true,"href":"https:\/\/lumierenaturelle64.fr\/es\/wp-json\/wp\/v2\/users\/1"}],"replies":[{"embeddable":true,"href":"https:\/\/lumierenaturelle64.fr\/es\/wp-json\/wp\/v2\/comments?post=1194"}],"version-history":[{"count":1054,"href":"https:\/\/lumierenaturelle64.fr\/es\/wp-json\/wp\/v2\/pages\/1194\/revisions"}],"predecessor-version":[{"id":5334,"href":"https:\/\/lumierenaturelle64.fr\/es\/wp-json\/wp\/v2\/pages\/1194\/revisions\/5334"}],"wp:attachment":[{"href":"https:\/\/lumierenaturelle64.fr\/es\/wp-json\/wp\/v2\/media?parent=1194"}],"curies":[{"name":"wp","href":"https:\/\/api.w.org\/{rel}","templated":true}]}}